{"id":467,"date":"2013-09-26T05:53:34","date_gmt":"2013-09-26T05:53:34","guid":{"rendered":"http:\/\/www.osteopatialleida.com\/informem-2\/"},"modified":"2014-01-18T10:22:47","modified_gmt":"2014-01-18T10:22:47","slug":"informamos","status":"publish","type":"page","link":"https:\/\/www.osteopatialleida.com\/es\/informamos\/","title":{"rendered":"Te informamos"},"content":{"rendered":"<div class=\"row-fluid\">\n\t<div class=\"wpb_blog_widget wpb_content_element span12 tinformem\">\n\t\t<div class=\"wpb_wrapper blog-wrap\">\n\t\t\t\t<ul class=\"blog-items standard-items clearfix\"><li class=\"blog-item\"><div class=\"blog-details-wrap\"><h2><a href=\"https:\/\/www.osteopatialleida.com\/es\/deformidades-craneales-en-bebes\/\">Deformidades craneales en beb\u00e9s<\/a><\/h2><div class=\"blog-item-details clearfix\">Por <a href=\"https:\/\/www.osteopatialleida.com\/es\/author\/calzbert\/\">calzbert<\/a> el 22 de abril de 2020 en <a href=\"https:\/\/www.osteopatialleida.com\/es\/category\/osteo-pediatrica-es\/\" rel=\"category tag\">Osteopat\u00eda Pedi\u00e1trica<\/a><div class=\"comments-likes\"><div class=\"love-it-wrapper\"><a href=\"#\" class=\"love-it\" data-post-id=\"822\" data-user-id=\"0\"><i class=\"icon-heart\"><\/i><\/a> <span class=\"love-count\">0<\/span><\/div><\/div><\/div><figure><\/figure><div class=\"excerpt\"><p>DEFORMIDADES CRANEALES EN BEB\u00c9S: LA PLAGIOCEFALIA POSICIONAL Pere Moreno Llop. Oste\u00f3pata i Fisioterapeuta. &nbsp; La plagiocefalia posicional es una de las razones m\u00e1s comunes para la consulta. En el siguiente texto trataremos de dar informaci\u00f3n contractual para responder a las preguntas formuladas por las madres y los padres de sus beb\u00e9s en la consulta. \u00bfLa forma del cr\u00e1neo es normal? <\/p><\/div><a class=\"read-more\" href=\"https:\/\/www.osteopatialleida.com\/es\/deformidades-craneales-en-bebes\/\">Seguir leyendo<i class=\"icon-chevron-right\"><\/i><\/a><\/div><\/li><li class=\"blog-item\"><div class=\"blog-details-wrap\"><h2><a href=\"https:\/\/www.osteopatialleida.com\/es\/dificultades-en-la-lactancia\/\">Dificultades en la lactancia<\/a><\/h2><div class=\"blog-item-details clearfix\">Por <a href=\"https:\/\/www.osteopatialleida.com\/es\/author\/calzbert\/\">calzbert<\/a> el 10 de junio de 2015 en <a href=\"https:\/\/www.osteopatialleida.com\/es\/category\/osteo-pediatrica-es\/\" rel=\"category tag\">Osteopat\u00eda Pedi\u00e1trica<\/a><div class=\"comments-likes\"><div class=\"love-it-wrapper\"><a href=\"#\" class=\"love-it\" data-post-id=\"481\" data-user-id=\"0\"><i class=\"icon-heart\"><\/i><\/a> <span class=\"love-count\">0<\/span><\/div><\/div><\/div><figure><a href=\"https:\/\/www.osteopatialleida.com\/es\/dificultades-en-la-lactancia\/\" class=\"link-to-post\"><img loading=\"lazy\" decoding=\"async\" src=\"https:\/\/www.osteopatialleida.com\/wp-content\/uploads\/2013\/09\/4lactancia7713.jpg\" width=\"634\" height=\"345\" alt=\"\" \/><\/a><\/figure><div class=\"excerpt\"><p>Las fuerzas de compresi\u00f3n durante el parto pueden afectar negativamente en algunos casos, sobre todo en partes largos o dif\u00edciles, o que han necesitado instrumentaci\u00f3n como las ventosas o f\u00f3rceps. El sistema nervioso y el cr\u00e1neo del beb\u00e9 son muy vulnerables y, por tanto, estos partes pueden bloquear alg\u00fan hueso del cr\u00e1neo que haga que al beb\u00e9 le cueste mover <\/p><\/div><a class=\"read-more\" href=\"https:\/\/www.osteopatialleida.com\/es\/dificultades-en-la-lactancia\/\">Seguir leyendo<i class=\"icon-chevron-right\"><\/i><\/a><\/div><\/li><li class=\"blog-item\"><div class=\"blog-details-wrap\"><h2><a href=\"https:\/\/www.osteopatialleida.com\/es\/molestias-de-la-cicatriz-en-el-posparto\/\">Molestias de la cicatriz en el posparto<\/a><\/h2><div class=\"blog-item-details clearfix\">Por <a href=\"https:\/\/www.osteopatialleida.com\/es\/author\/calzbert\/\">calzbert<\/a> el 12 de mayo de 2015 en <a href=\"https:\/\/www.osteopatialleida.com\/es\/category\/osteo-uroginecologica-es\/\" rel=\"category tag\">Osteopat\u00eda Uroginecol\u00f3gica<\/a><div class=\"comments-likes\"><div class=\"love-it-wrapper\"><a href=\"#\" class=\"love-it\" data-post-id=\"492\" data-user-id=\"0\"><i class=\"icon-heart\"><\/i><\/a> <span class=\"love-count\">0<\/span><\/div><\/div><\/div><figure><a href=\"https:\/\/www.osteopatialleida.com\/es\/molestias-de-la-cicatriz-en-el-posparto\/\" class=\"link-to-post\"><img loading=\"lazy\" decoding=\"async\" src=\"https:\/\/www.osteopatialleida.com\/wp-content\/uploads\/2013\/10\/8cicatriu7758.jpg\" width=\"634\" height=\"345\" alt=\"\" \/><\/a><\/figure><div class=\"excerpt\"><p>El parto es la culminaci\u00f3n del embarazo y el inicio de la vida de una persona. A nivel f\u00edsico, para la mujer es un traumatismo y por tanto puede provocar lesiones y bloqueos que si no se tratan pueden provocar molestias a la larga. El tratamiento posparto consiste en la valoraci\u00f3n y tratamiento del sistema uroginecol\u00f3gico para sacar las tensiones <\/p><\/div><a class=\"read-more\" href=\"https:\/\/www.osteopatialleida.com\/es\/molestias-de-la-cicatriz-en-el-posparto\/\">Seguir leyendo<i class=\"icon-chevron-right\"><\/i><\/a><\/div><\/li><li class=\"blog-item\"><div class=\"blog-details-wrap\"><h2><a href=\"https:\/\/www.osteopatialleida.com\/es\/un-nen-que-gateja-es-un-adult-amb-salut\/\">Un nen que gateja \u00e9s un adult amb salut<\/a><\/h2><div class=\"blog-item-details clearfix\">Por <a href=\"https:\/\/www.osteopatialleida.com\/es\/author\/calzbert\/\">calzbert<\/a> el 12 de mayo de 2015 en <a href=\"https:\/\/www.osteopatialleida.com\/es\/category\/general-es\/\" rel=\"category tag\">General<\/a><div class=\"comments-likes\"><div class=\"love-it-wrapper\"><a href=\"#\" class=\"love-it\" data-post-id=\"845\" data-user-id=\"0\"><i class=\"icon-heart\"><\/i><\/a> <span class=\"love-count\">0<\/span><\/div><\/div><\/div><div class=\"spacer\"><\/div><div class=\"excerpt\"><p>Us deixem l\u2019entrevista que ens va realitzar El suplement del diari Segre al 2015. &nbsp; &nbsp; LLEGEIX \/ DESCARREGA EL PDF DE L&#8217;ENTREVISTA. &nbsp; &nbsp; &nbsp; &nbsp;<\/p><\/div><a class=\"read-more\" href=\"https:\/\/www.osteopatialleida.com\/es\/un-nen-que-gateja-es-un-adult-amb-salut\/\">Seguir leyendo<i class=\"icon-chevron-right\"><\/i><\/a><\/div><\/li><li class=\"blog-item\"><div class=\"blog-details-wrap\"><h2><a href=\"https:\/\/www.osteopatialleida.com\/es\/las-sinusitis-pueden-producir-dolor-de-cabeza\/\">\u00bfLas sinusitis pueden producir dolor de cabeza?<\/a><\/h2><div class=\"blog-item-details clearfix\">Por <a href=\"https:\/\/www.osteopatialleida.com\/es\/author\/calzbert\/\">calzbert<\/a> el 8 de abril de 2015 en <a href=\"https:\/\/www.osteopatialleida.com\/es\/category\/osteo-craneal-es\/\" rel=\"category tag\">Osteopat\u00eda Craneal<\/a><div class=\"comments-likes\"><div class=\"love-it-wrapper\"><a href=\"#\" class=\"love-it\" data-post-id=\"484\" data-user-id=\"0\"><i class=\"icon-heart\"><\/i><\/a> <span class=\"love-count\">0<\/span><\/div><\/div><\/div><figure><a href=\"https:\/\/www.osteopatialleida.com\/es\/las-sinusitis-pueden-producir-dolor-de-cabeza\/\" class=\"link-to-post\"><img loading=\"lazy\" decoding=\"async\" src=\"https:\/\/www.osteopatialleida.com\/wp-content\/uploads\/2013\/10\/5sinusitis7837.jpg\" width=\"634\" height=\"345\" alt=\"\" \/><\/a><\/figure><div class=\"excerpt\"><p>Los sinus son unos compartimentos que est\u00e1n detr\u00e1s de las cavidades nasales, que nos ayudan a drenar el moco que se deposita en caso de resfriados importantes. La sinusitis es la inflamaci\u00f3n de estas cavidades por el c\u00famulo de secreciones. Si adem\u00e1s a\u00f1adimos que tenemos alg\u00fan hueso del cr\u00e1neo bloqueado por alg\u00fan impacto anterior, esto nos puede dar m\u00e1s dificultad <\/p><\/div><a class=\"read-more\" href=\"https:\/\/www.osteopatialleida.com\/es\/las-sinusitis-pueden-producir-dolor-de-cabeza\/\">Seguir leyendo<i class=\"icon-chevron-right\"><\/i><\/a><\/div><\/li><li class=\"blog-item\"><div class=\"blog-details-wrap\"><h2><a href=\"https:\/\/www.osteopatialleida.com\/es\/fibromialgia-2\/\">Fibromialgia<\/a><\/h2><div class=\"blog-item-details clearfix\">Por <a href=\"https:\/\/www.osteopatialleida.com\/es\/author\/calzbert\/\">calzbert<\/a> el 10 de marzo de 2015 en <a href=\"https:\/\/www.osteopatialleida.com\/es\/category\/osteo-clinica-es\/\" rel=\"category tag\">Osteopat\u00eda Cl\u00ednica<\/a><div class=\"comments-likes\"><div class=\"love-it-wrapper\"><a href=\"#\" class=\"love-it\" data-post-id=\"495\" data-user-id=\"0\"><i class=\"icon-heart\"><\/i><\/a> <span class=\"love-count\">0<\/span><\/div><\/div><\/div><figure><a href=\"https:\/\/www.osteopatialleida.com\/es\/fibromialgia-2\/\" class=\"link-to-post\"><img loading=\"lazy\" decoding=\"async\" src=\"https:\/\/www.osteopatialleida.com\/wp-content\/uploads\/2013\/10\/9fibromialgia.jpg\" width=\"634\" height=\"345\" alt=\"\" \/><\/a><\/figure><div class=\"excerpt\"><p>Es un grupo de s\u00edntomas y trastornos musculares y esquel\u00e9ticos que se caracteriza por el cansancio, el dolor persistente y la rigidez de intensidad variable en m\u00fasculos, tendones y tejido que los rodea, as\u00ed como por s\u00edntomas psicol\u00f3gicos como insomnio, rigidez, dolor de cabeza, problemas de memoria, etc. No sabemos las causas que la provocan, per\u00f2 s\u00ed que produce una <\/p><\/div><a class=\"read-more\" href=\"https:\/\/www.osteopatialleida.com\/es\/fibromialgia-2\/\">Seguir leyendo<i class=\"icon-chevron-right\"><\/i><\/a><\/div><\/li><\/ul><div class=\"pagination-wrap full-width\"><ul class=\"pagenavi\">\n<li><span class=\"current\">1<\/span><\/li><li><a href=\"https:\/\/www.osteopatialleida.com\/es\/wp-json\/wp\/v2\/pages\/467\/page\/2\/\" class=\"single_page\" title=\"2\">2<\/a><\/li><li><a href=\"https:\/\/www.osteopatialleida.com\/es\/wp-json\/wp\/v2\/pages\/467\/page\/2\/\" >Siguiente<\/a><\/li><\/ul>\n<\/div>\n\t\t<\/div> \n\t<\/div> <\/div>\n","protected":false},"excerpt":{"rendered":"","protected":false},"author":1,"featured_media":0,"parent":0,"menu_order":0,"comment_status":"closed","ping_status":"closed","template":"","meta":{"_exactmetrics_skip_tracking":false,"_exactmetrics_sitenote_active":false,"_exactmetrics_sitenote_note":"","_exactmetrics_sitenote_category":0,"footnotes":""},"class_list":["post-467","page","type-page","status-publish","hentry"],"yoast_head":"<!-- This site is optimized with the Yoast SEO plugin v27.5 - https:\/\/yoast.com\/product\/yoast-seo-wordpress\/ -->\n<title>Te informamos - Centre Osteopatia Lleida - Osteopatia Cl\u00ednica i Fisioter\u00e0pia<\/title>\n<meta name=\"description\" content=\"Especializado en lesiones vertebrales, viscerales y craneales. Centro Pionero en la ciudad de Lleida en la osteopat\u00eda pedi\u00e1trica y ginecol\u00f3gica.\" \/>\n<meta name=\"robots\" content=\"index, follow, max-snippet:-1, max-image-preview:large, max-video-preview:-1\" \/>\n<link rel=\"canonical\" href=\"https:\/\/www.osteopatialleida.com\/es\/informamos\/\" \/>\n<meta property=\"og:locale\" content=\"es_ES\" \/>\n<meta property=\"og:type\" content=\"article\" \/>\n<meta property=\"og:title\" content=\"Te informamos - Centre Osteopatia Lleida - Osteopatia Cl\u00ednica i Fisioter\u00e0pia\" \/>\n<meta property=\"og:description\" content=\"Centro de Osteopat\u00eda Cl\u00ednica especializado en lesiones vertebrales, viscerales y craneales. Centro Pionero en la ciudad de Lleida en especialidades como la osteopat\u00eda pedi\u00e1trica y ginecol\u00f3gica\" \/>\n<meta property=\"og:url\" content=\"https:\/\/www.osteopatialleida.com\/es\/informamos\/\" \/>\n<meta property=\"og:site_name\" content=\"Centre Osteopatia Lleida\" \/>\n<meta property=\"article:modified_time\" content=\"2014-01-18T10:22:47+00:00\" \/>\n<meta property=\"og:image\" content=\"https:\/\/www.osteopatialleida.com\/wp-content\/uploads\/2013\/08\/logoRetina.png\" \/>\n\t<meta property=\"og:image:width\" content=\"674\" \/>\n\t<meta property=\"og:image:height\" content=\"150\" \/>\n\t<meta property=\"og:image:type\" content=\"image\/png\" \/>\n<script type=\"application\/ld+json\" class=\"yoast-schema-graph\">{\"@context\":\"https:\\\/\\\/schema.org\",\"@graph\":[{\"@type\":\"WebPage\",\"@id\":\"https:\\\/\\\/www.osteopatialleida.com\\\/es\\\/informamos\\\/\",\"url\":\"https:\\\/\\\/www.osteopatialleida.com\\\/es\\\/informamos\\\/\",\"name\":\"Te informamos - Centre Osteopatia Lleida - Osteopatia Cl\u00ednica i Fisioter\u00e0pia\",\"isPartOf\":{\"@id\":\"https:\\\/\\\/www.osteopatialleida.com\\\/#website\"},\"datePublished\":\"2013-09-26T05:53:34+00:00\",\"dateModified\":\"2014-01-18T10:22:47+00:00\",\"description\":\"Especializado en lesiones vertebrales, viscerales y craneales. Centro Pionero en la ciudad de Lleida en la osteopat\u00eda pedi\u00e1trica y ginecol\u00f3gica.\",\"breadcrumb\":{\"@id\":\"https:\\\/\\\/www.osteopatialleida.com\\\/es\\\/informamos\\\/#breadcrumb\"},\"inLanguage\":\"es\",\"potentialAction\":[{\"@type\":\"ReadAction\",\"target\":[\"https:\\\/\\\/www.osteopatialleida.com\\\/es\\\/informamos\\\/\"]}]},{\"@type\":\"BreadcrumbList\",\"@id\":\"https:\\\/\\\/www.osteopatialleida.com\\\/es\\\/informamos\\\/#breadcrumb\",\"itemListElement\":[{\"@type\":\"ListItem\",\"position\":1,\"name\":\"Inici\",\"item\":\"https:\\\/\\\/www.osteopatialleida.com\\\/es\\\/\"},{\"@type\":\"ListItem\",\"position\":2,\"name\":\"Te informamos\"}]},{\"@type\":\"WebSite\",\"@id\":\"https:\\\/\\\/www.osteopatialleida.com\\\/#website\",\"url\":\"https:\\\/\\\/www.osteopatialleida.com\\\/\",\"name\":\"Centre Osteopatia Lleida\",\"description\":\"\",\"potentialAction\":[{\"@type\":\"SearchAction\",\"target\":{\"@type\":\"EntryPoint\",\"urlTemplate\":\"https:\\\/\\\/www.osteopatialleida.com\\\/?s={search_term_string}\"},\"query-input\":{\"@type\":\"PropertyValueSpecification\",\"valueRequired\":true,\"valueName\":\"search_term_string\"}}],\"inLanguage\":\"es\"}]}<\/script>\n<!-- \/ Yoast SEO plugin. -->","yoast_head_json":{"title":"Te informamos - Centre Osteopatia Lleida - Osteopatia Cl\u00ednica i Fisioter\u00e0pia","description":"Especializado en lesiones vertebrales, viscerales y craneales. Centro Pionero en la ciudad de Lleida en la osteopat\u00eda pedi\u00e1trica y ginecol\u00f3gica.","robots":{"index":"index","follow":"follow","max-snippet":"max-snippet:-1","max-image-preview":"max-image-preview:large","max-video-preview":"max-video-preview:-1"},"canonical":"https:\/\/www.osteopatialleida.com\/es\/informamos\/","og_locale":"es_ES","og_type":"article","og_title":"Te informamos - Centre Osteopatia Lleida - Osteopatia Cl\u00ednica i Fisioter\u00e0pia","og_description":"Centro de Osteopat\u00eda Cl\u00ednica especializado en lesiones vertebrales, viscerales y craneales. Centro Pionero en la ciudad de Lleida en especialidades como la osteopat\u00eda pedi\u00e1trica y ginecol\u00f3gica","og_url":"https:\/\/www.osteopatialleida.com\/es\/informamos\/","og_site_name":"Centre Osteopatia Lleida","article_modified_time":"2014-01-18T10:22:47+00:00","og_image":[{"width":674,"height":150,"url":"https:\/\/www.osteopatialleida.com\/wp-content\/uploads\/2013\/08\/logoRetina.png","type":"image\/png"}],"schema":{"@context":"https:\/\/schema.org","@graph":[{"@type":"WebPage","@id":"https:\/\/www.osteopatialleida.com\/es\/informamos\/","url":"https:\/\/www.osteopatialleida.com\/es\/informamos\/","name":"Te informamos - Centre Osteopatia Lleida - Osteopatia Cl\u00ednica i Fisioter\u00e0pia","isPartOf":{"@id":"https:\/\/www.osteopatialleida.com\/#website"},"datePublished":"2013-09-26T05:53:34+00:00","dateModified":"2014-01-18T10:22:47+00:00","description":"Especializado en lesiones vertebrales, viscerales y craneales. Centro Pionero en la ciudad de Lleida en la osteopat\u00eda pedi\u00e1trica y ginecol\u00f3gica.","breadcrumb":{"@id":"https:\/\/www.osteopatialleida.com\/es\/informamos\/#breadcrumb"},"inLanguage":"es","potentialAction":[{"@type":"ReadAction","target":["https:\/\/www.osteopatialleida.com\/es\/informamos\/"]}]},{"@type":"BreadcrumbList","@id":"https:\/\/www.osteopatialleida.com\/es\/informamos\/#breadcrumb","itemListElement":[{"@type":"ListItem","position":1,"name":"Inici","item":"https:\/\/www.osteopatialleida.com\/es\/"},{"@type":"ListItem","position":2,"name":"Te informamos"}]},{"@type":"WebSite","@id":"https:\/\/www.osteopatialleida.com\/#website","url":"https:\/\/www.osteopatialleida.com\/","name":"Centre Osteopatia Lleida","description":"","potentialAction":[{"@type":"SearchAction","target":{"@type":"EntryPoint","urlTemplate":"https:\/\/www.osteopatialleida.com\/?s={search_term_string}"},"query-input":{"@type":"PropertyValueSpecification","valueRequired":true,"valueName":"search_term_string"}}],"inLanguage":"es"}]}},"_links":{"self":[{"href":"https:\/\/www.osteopatialleida.com\/es\/wp-json\/wp\/v2\/pages\/467","targetHints":{"allow":["GET"]}}],"collection":[{"href":"https:\/\/www.osteopatialleida.com\/es\/wp-json\/wp\/v2\/pages"}],"about":[{"href":"https:\/\/www.osteopatialleida.com\/es\/wp-json\/wp\/v2\/types\/page"}],"author":[{"embeddable":true,"href":"https:\/\/www.osteopatialleida.com\/es\/wp-json\/wp\/v2\/users\/1"}],"replies":[{"embeddable":true,"href":"https:\/\/www.osteopatialleida.com\/es\/wp-json\/wp\/v2\/comments?post=467"}],"version-history":[{"count":1,"href":"https:\/\/www.osteopatialleida.com\/es\/wp-json\/wp\/v2\/pages\/467\/revisions"}],"predecessor-version":[{"id":468,"href":"https:\/\/www.osteopatialleida.com\/es\/wp-json\/wp\/v2\/pages\/467\/revisions\/468"}],"wp:attachment":[{"href":"https:\/\/www.osteopatialleida.com\/es\/wp-json\/wp\/v2\/media?parent=467"}],"curies":[{"name":"wp","href":"https:\/\/api.w.org\/{rel}","templated":true}]}}